{"version":"1.0","provider_name":"RO\u017d - Slovensko prosvetno dru\u0161tvo","provider_url":"https:\/\/roz.si\/de\/","author_name":"Niko Me\u010dina","author_url":"https:\/\/roz.si\/de\/author\/niko-mecinagmx-at\/","title":"Mariana - Ein Liederzyklus wegen Maria - RO\u017d - Slovensko prosvetno dru\u0161tvo","type":"rich","width":600,"height":338,"html":"<blockquote class=\"wp-embedded-content\" data-secret=\"WPKZBVzlbf\"><a href=\"https:\/\/roz.si\/de\/news\/roz\/mariana-ein-liederzyklus-wegen-maria\/\">Mariana &#8211;  Ein Liederzyklus wegen Maria<\/a><\/blockquote><iframe sandbox=\"allow-scripts\" security=\"restricted\" src=\"https:\/\/roz.si\/de\/news\/roz\/mariana-ein-liederzyklus-wegen-maria\/embed\/#?secret=WPKZBVzlbf\" width=\"600\" height=\"338\" title=\"&#8222;Mariana &#8211;  Ein Liederzyklus wegen Maria&#8220; &#8211; RO\u017d - Slovensko prosvetno dru\u0161tvo\" data-secret=\"WPKZBVzlbf\" frameborder=\"0\" marginwidth=\"0\" marginheight=\"0\" scrolling=\"no\" class=\"wp-embedded-content\"><\/iframe><script type=\"text\/javascript\">\n\/* <![CDATA[ *\/\n\/*! This file is auto-generated *\/\n!function(d,l){\"use strict\";l.querySelector&&d.addEventListener&&\"undefined\"!=typeof URL&&(d.wp=d.wp||{},d.wp.receiveEmbedMessage||(d.wp.receiveEmbedMessage=function(e){var t=e.data;if((t||t.secret||t.message||t.value)&&!\/[^a-zA-Z0-9]\/.test(t.secret)){for(var s,r,n,a=l.querySelectorAll('iframe[data-secret=\"'+t.secret+'\"]'),o=l.querySelectorAll('blockquote[data-secret=\"'+t.secret+'\"]'),c=new RegExp(\"^https?:$\",\"i\"),i=0;i<o.length;i++)o[i].style.display=\"none\";for(i=0;i<a.length;i++)s=a[i],e.source===s.contentWindow&&(s.removeAttribute(\"style\"),\"height\"===t.message?(1e3<(r=parseInt(t.value,10))?r=1e3:~~r<200&&(r=200),s.height=r):\"link\"===t.message&&(r=new URL(s.getAttribute(\"src\")),n=new URL(t.value),c.test(n.protocol))&&n.host===r.host&&l.activeElement===s&&(d.top.location.href=t.value))}},d.addEventListener(\"message\",d.wp.receiveEmbedMessage,!1),l.addEventListener(\"DOMContentLoaded\",function(){for(var e,t,s=l.querySelectorAll(\"iframe.wp-embedded-content\"),r=0;r<s.length;r++)(t=(e=s[r]).getAttribute(\"data-secret\"))||(t=Math.random().toString(36).substring(2,12),e.src+=\"#?secret=\"+t,e.setAttribute(\"data-secret\",t)),e.contentWindow.postMessage({message:\"ready\",secret:t},\"*\")},!1)))}(window,document);\n\/\/# sourceURL=https:\/\/roz.si\/wp-includes\/js\/wp-embed.min.js\n\/* ]]> *\/\n<\/script>\n","thumbnail_url":"https:\/\/roz.si\/wp-content\/uploads\/2024\/02\/vabilo-splet-scaled.jpg","thumbnail_width":667,"thumbnail_height":2560,"description":"[vc_row][vc_column][vc_column_text]Mariana &#8211; Ein Liederzyklus wegen Maria Marijana \u2013 cikel pesmi zavoljo Marije &nbsp; pet\/Frei 1.3. &#8211; 19:30 Farov\u017e \u0160entjakob_Pfarrhof St.Jakob_Ros &nbsp; info: Maria liegt am Ende ihres Lebens. Ihr Geist r\u00fchrt im trostlosen Teil der Vergangenheit. Ihr K\u00f6rper r\u00fchrt sich nicht mehr.\u00a0\u00a0\u00a0\u00a0 Marija je na koncu svojega \u017eivljenja. Njene misli se su\u010dejo okoli brezupne preteklosti. Njeno telo se [&hellip;]"}